{"id":3274,"date":"2022-11-10T11:23:28","date_gmt":"2022-11-10T09:23:28","guid":{"rendered":"https:\/\/families.eduvic.coop\/talleres-psicoeducativos-y-terapeuticos\/"},"modified":"2023-03-20T14:33:54","modified_gmt":"2023-03-20T12:33:54","slug":"talleres-psicoeducativos-y-terapeuticos","status":"publish","type":"page","link":"https:\/\/families.eduvic.coop\/es\/talleres-psicoeducativos-y-terapeuticos\/","title":{"rendered":"Talleres psicoeducativos y terap\u00e9uticos"},"content":{"rendered":"<div class=\"wpb-content-wrapper\"><p>[vc_section full_width=\u00bbstretch_row\u00bb el_class=\u00bbseccio-header\u00bb css=\u00bb.vc_custom_1668072830249{background-image: url(https:\/\/families.eduvic.coop\/wp-content\/uploads\/2022\/05\/continguts_01-1.jpg?id=1958) !important;background-position: center !important;background-repeat: no-repeat !important;background-size: cover !important;}\u00bb el_id=\u00bbseccio-header\u00bb][vc_row full_width=\u00bbstretch_row\u00bb equal_height=\u00bbyes\u00bb el_class=\u00bbimg-gradient titols-projectes\u00bb][vc_column][vc_column_text]<\/p>\n<h1>Talleres psicoeducativos y terap\u00e9uticos<\/h1>\n<p>[\/vc_column_text][vc_column_text]<\/p>\n<h4 style=\"text-align: left;\"><strong>Fecha de inicio del servicio: <\/strong>2007<\/h4>\n<p>[\/vc_column_text][\/vc_column][\/vc_row][\/vc_section][vc_section disable_element=\u00bbyes\u00bb el_class=\u00bbseccio-info\u00bb][vc_row gap=\u00bb35&#8243;][vc_column width=\u00bb2\/3&#8243;][vc_empty_space el_class=\u00bbno-mobile\u00bb][vc_column_text]Impulsado por Departament de Drets Socials de la Generalitat de Catalunya.[\/vc_column_text][\/vc_column][vc_column width=\u00bb1\/3&#8243;]<div class=\"ult-content-box-container \" >\t\t<div class=\"ult-content-box\" style=\"box-shadow: px px px px none;-webkit-transition: all 700ms ease;-moz-transition: all 700ms ease;-ms-transition: all 700ms ease;-o-transition: all 700ms ease;transition: all 700ms ease;\"  data-hover_box_shadow=\"none\"    >[vc_single_image image=\u00bb970&#8243; img_size=\u00bblarge\u00bb alignment=\u00bbcenter\u00bb el_class=\u00bbimg-logo\u00bb]\t\t<\/div><\/div>[\/vc_column][\/vc_row][\/vc_section][vc_section full_width=\u00bbstretch_row\u00bb css=\u00bb.vc_custom_1658820901288{background-color: #ededed !important;background-position: 0 0 !important;background-repeat: no-repeat !important;}\u00bb el_id=\u00bbprojectes-1&#8243;][vc_row][vc_column][vc_column_text]<\/p>\n<h3>Definici\u00f3n<\/h3>\n<p>Talleres dirigidos a padres, madres y personas cuidadoras que, desde una perspectiva psicoeducativa, terap\u00e9utica y grupal, para promover la crianza positiva y responsiva. Se acompa\u00f1a des de la \u00f3ptica que el grupo es un sistema relacional nuevo y una oportunidad de conseguir construir una posible red de apoyo con otras familias que participen en el servicio. Se trata de compartir vivencias, satisfacciones, dudas, etc., y sentirse parte de un colectivo con los mismos intereses, deseos, necesidades y expectativas.[\/vc_column_text][\/vc_column][\/vc_row][\/vc_section][vc_section full_width=\u00bbstretch_row\u00bb css=\u00bb.vc_custom_1658821135458{background-color: #ededed !important;background-position: center !important;background-repeat: no-repeat !important;background-size: contain !important;}\u00bb el_id=\u00bbprojectes-2&#8243;][vc_row equal_height=\u00bbyes\u00bb el_class=\u00bbpastilla-proyecto shadow-default\u00bb][vc_column width=\u00bb1\/3&#8243;][vc_single_image image=\u00bb1890&#8243; img_size=\u00bblarge\u00bb alignment=\u00bbcenter\u00bb][vc_toggle title=\u00bbObjetivos\u00bb el_class=\u00bbdesplegable\u00bb]<\/p>\n<ul>\n<li class=\"v1MsoNormalCxSpMiddle\">Acompa\u00f1ar grupalmente a los padres, las madres y las persones cuidadoras para potenciar sus recursos parentales.<\/li>\n<li class=\"v1MsoNormalCxSpMiddle\">Ofrecer a los padres, las madres y las persones cuidadoras nuevas herramientas y estrategias que los permitan relacionarse con sus hijos e hijas desde una posici\u00f3n m\u00e1s saludable<\/li>\n<li class=\"v1MsoNormalCxSpMiddle\">Fomentar la retroalimentaci\u00f3n como mecanismo regulador del grupo: recibir apoyo de los otros para potenciar la conexi\u00f3n aut\u00e9ntica, la identificaci\u00f3n y el contacto, y dar soporte a otros para fomentar la reflexi\u00f3n, la empat\u00eda y el crecimiento como padres.<\/li>\n<li class=\"v1MsoNormalCxSpMiddle\">Promover la participaci\u00f3n de las familias en las redes sociales de apoyo.<\/li>\n<li class=\"v1MsoNormalCxSpMiddle\"><span lang=\"CA\">Propiciar v\u00ednculos afectivos sanos, protectores y estables en el n\u00facleo familiar o convivencial para que los ni\u00f1os y adolescentes se sientan aceptados y queridos en un entorno estructurado y con normas y valores.<\/span><\/li>\n<li class=\"v1MsoNormalCxSpMiddle\"><span lang=\"CA\">Fomentar la atenci\u00f3n de las necesidades socioafectivas de los hijos e hijas, respetando los derechos de los ni\u00f1os, con m\u00e9todos no violentos de educaci\u00f3n y d\u00e1ndoles atenci\u00f3n, orientaci\u00f3n, seguridad y reconocimiento.<\/span><\/li>\n<li class=\"v1MsoNormalCxSpMiddle\"><span lang=\"CA\">Fomentar la importancia de crear espacios y tiempos compartidos en familia.<\/span><\/li>\n<\/ul>\n<p>[\/vc_toggle][\/vc_column][vc_column width=\u00bb1\/3&#8243;][vc_single_image image=\u00bb1888&#8243; img_size=\u00bblarge\u00bb alignment=\u00bbcenter\u00bb][vc_toggle title=\u00bbPrincipios\u00bb el_class=\u00bbdesplegable\u00bb]<\/p>\n<ul>\n<li class=\"v1MsoNormalCxSpMiddle\"><span lang=\"CA\">Promoci\u00f3n de la crianza positiva y responsiva. <\/span><\/li>\n<li class=\"v1MsoNormalCxSpMiddle\"><span lang=\"CA\">Comprensi\u00f3n sist\u00e9mica de las din\u00e1micas familiares.<\/span><\/li>\n<li class=\"v1MsoNormalCxSpMiddle\"><span lang=\"CA\">Programa preventivo y universal.<\/span><\/li>\n<li class=\"v1MsoNormalCxSpMiddle\"><span lang=\"CA\">Trabajo con toda la red local para garantizar la m\u00e1xima difusi\u00f3n y accesibilidad al programa.<\/span><\/li>\n<li class=\"v1MsoNormalCxSpMiddle\"><span lang=\"CA\">Flexibilidad y adaptabilidad a las necesidades del territorio.<\/span><\/li>\n<li class=\"v1MsoNormalCxSpMiddle\"><span lang=\"CA\">Flexibilidad y adaptabilidad a las necesidades de las familias participantes.<\/span><\/li>\n<\/ul>\n<p>[\/vc_toggle][\/vc_column][vc_column width=\u00bb1\/3&#8243;][vc_single_image image=\u00bb1889&#8243; img_size=\u00bblarge\u00bb alignment=\u00bbcenter\u00bb][vc_toggle title=\u00bbServicios\u00bb el_class=\u00bbdesplegable\u00bb]<\/p>\n<ul>\n<li>Sesiones de taller puntual o ciclos de sesiones de talleres dependiendo de la necesidad detectada y el trabajo que se valore realizar con las familias, padres, madres o cuidadores\/as.<\/li>\n<\/ul>\n<p>[\/vc_toggle][\/vc_column][\/vc_row][\/vc_section][vc_section full_width=\u00bbstretch_row\u00bb el_class=\u00bbxarxa-serveis\u00bb css=\u00bb.vc_custom_1663315337384{background-image: url(https:\/\/families.eduvic.coop\/wp-content\/uploads\/2022\/09\/151_transp.jpg?id=1866) !important;background-position: center !important;background-repeat: no-repeat !important;background-size: cover !important;}\u00bb][vc_row gap=\u00bb35&#8243; equal_height=\u00bbyes\u00bb][vc_column el_class=\u00bbcol-right\u00bb][vc_column_text]<\/p>\n<h3 style=\"text-align: left;\">Red de servicios locales con la que se trabaja<\/h3>\n<ul>\n<li class=\"v1MsoNormal\"><span lang=\"CA\">Servicios sociales<\/span><\/li>\n<li class=\"v1MsoNormal\"><span lang=\"CA\">Servicios sanitarios<\/span><\/li>\n<li class=\"v1MsoNormal\"><span lang=\"CA\">Red educativa formal e informal<\/span><\/li>\n<li class=\"v1MsoNormal\"><span lang=\"CA\">Tejido asociativo<\/span><\/li>\n<\/ul>\n<p>[\/vc_column_text][vc_column_text]<\/p>\n<h3 style=\"text-align: left;\">Equipo de profesionales<\/h3>\n<ul>\n<li class=\"v1MsoNormal\">Profesional de EDUVIC \u00b7 Fam\u00edlies especializados en la realizaci\u00f3n de talleres.<\/li>\n<li class=\"v1MsoNormal\">Apoyo del equipo de direcci\u00f3n, supervisi\u00f3n y gesti\u00f3n de EDUVIC \u00b7 Fam\u00edlies.<\/li>\n<\/ul>\n<p>[\/vc_column_text][\/vc_column][\/vc_row][\/vc_section][vc_row full_width=\u00bbstretch_row\u00bb bg_type=\u00bbbg_color\u00bb bg_color_value=\u00bb#e8e8e8&#8243;][vc_column][vc_column_text]<\/p>\n<h4><strong><span lang=\"CA\">Las entidades p\u00fablicas que quieran desplegar este servicio en su territorio se pueden dirigir a<\/span><\/strong><\/h4>\n<p><i><span lang=\"CA\">Javier Loyo Rivera<\/span><\/i><br \/>\n<i><span lang=\"CA\">Director d\u2019EDUVIC \u00b7 Fam\u00edlies<\/span><\/i><br \/>\n<a href=\"mailto:Javier.loyo@eduvic.coop\" rel=\"noreferrer\"><i><span lang=\"CA\">Javier.loyo@eduvic.coop<\/span><\/i><\/a><br \/>\n<i><span lang=\"CA\">626 19 59 79<\/span><\/i>[\/vc_column_text][\/vc_column][\/vc_row]<\/p>\n<\/div>","protected":false},"excerpt":{"rendered":"<div class='heateorSssClear'><\/div><div  class='heateor_sss_sharing_container heateor_sss_horizontal_sharing' data-heateor-sss-href='https:\/\/families.eduvic.coop\/es\/talleres-psicoeducativos-y-terapeuticos\/'><div class='heateor_sss_sharing_title' style=\"font-weight:bold\" >Comparteix<\/div><div class=\"heateor_sss_sharing_ul\"><a aria-label=\"Facebook\" class=\"heateor_sss_facebook\" href=\"https:\/\/www.facebook.com\/sharer\/sharer.php?u=https%3A%2F%2Ffamilies.eduvic.coop%2Fes%2Ftalleres-psicoeducativos-y-terapeuticos%2F\" title=\"Facebook\" rel=\"nofollow noopener\" target=\"_blank\" style=\"font-size:32px!important;box-shadow:none;display:inline-block;vertical-align:middle\"><span class=\"heateor_sss_svg\" style=\"background-color:#0765FE;width:35px;height:35px;border-radius:999px;display:inline-block;opacity:1;float:left;font-size:32px;box-shadow:none;display:inline-block;font-size:16px;padding:0 4px;vertical-align:middle;background-repeat:repeat;overflow:hidden;padding:0;cursor:pointer;box-sizing:content-box\"><svg style=\"display:block;border-radius:999px;\" focusable=\"false\" aria-hidden=\"true\" xmlns=\"http:\/\/www.w3.org\/2000\/svg\" width=\"100%\" height=\"100%\" viewBox=\"0 0 32 32\"><path fill=\"#fff\" d=\"M28 16c0-6.627-5.373-12-12-12S4 9.373 4 16c0 5.628 3.875 10.35 9.101 11.647v-7.98h-2.474V16H13.1v-1.58c0-4.085 1.849-5.978 5.859-5.978.76 0 2.072.15 2.608.298v3.325c-.283-.03-.775-.045-1.386-.045-1.967 0-2.728.745-2.728 2.683V16h3.92l-.673 3.667h-3.247v8.245C23.395 27.195 28 22.135 28 16Z\"><\/path><\/svg><\/span><\/a><a aria-label=\"Twitter\" class=\"heateor_sss_button_twitter\" href=\"https:\/\/twitter.com\/intent\/tweet?text=Talleres%20psicoeducativos%20y%20terap%C3%A9uticos&url=https%3A%2F%2Ffamilies.eduvic.coop%2Fes%2Ftalleres-psicoeducativos-y-terapeuticos%2F\" title=\"Twitter\" rel=\"nofollow noopener\" target=\"_blank\" style=\"font-size:32px!important;box-shadow:none;display:inline-block;vertical-align:middle\"><span class=\"heateor_sss_svg heateor_sss_s__default heateor_sss_s_twitter\" style=\"background-color:#55acee;width:35px;height:35px;border-radius:999px;display:inline-block;opacity:1;float:left;font-size:32px;box-shadow:none;display:inline-block;font-size:16px;padding:0 4px;vertical-align:middle;background-repeat:repeat;overflow:hidden;padding:0;cursor:pointer;box-sizing:content-box\"><svg style=\"display:block;border-radius:999px;\" focusable=\"false\" aria-hidden=\"true\" xmlns=\"http:\/\/www.w3.org\/2000\/svg\" width=\"100%\" height=\"100%\" viewBox=\"-4 -4 39 39\"><path d=\"M28 8.557a9.913 9.913 0 0 1-2.828.775 4.93 4.93 0 0 0 2.166-2.725 9.738 9.738 0 0 1-3.13 1.194 4.92 4.92 0 0 0-3.593-1.55 4.924 4.924 0 0 0-4.794 6.049c-4.09-.21-7.72-2.17-10.15-5.15a4.942 4.942 0 0 0-.665 2.477c0 1.71.87 3.214 2.19 4.1a4.968 4.968 0 0 1-2.23-.616v.06c0 2.39 1.7 4.38 3.952 4.83-.414.115-.85.174-1.297.174-.318 0-.626-.03-.928-.086a4.935 4.935 0 0 0 4.6 3.42 9.893 9.893 0 0 1-6.114 2.107c-.398 0-.79-.023-1.175-.068a13.953 13.953 0 0 0 7.55 2.213c9.056 0 14.01-7.507 14.01-14.013 0-.213-.005-.426-.015-.637.96-.695 1.795-1.56 2.455-2.55z\" fill=\"#fff\"><\/path><\/svg><\/span><\/a><a aria-label=\"Linkedin\" class=\"heateor_sss_button_linkedin\" href=\"https:\/\/www.linkedin.com\/sharing\/share-offsite\/?url=https%3A%2F%2Ffamilies.eduvic.coop%2Fes%2Ftalleres-psicoeducativos-y-terapeuticos%2F\" title=\"Linkedin\" rel=\"nofollow noopener\" target=\"_blank\" style=\"font-size:32px!important;box-shadow:none;display:inline-block;vertical-align:middle\"><span class=\"heateor_sss_svg heateor_sss_s__default heateor_sss_s_linkedin\" style=\"background-color:#0077b5;width:35px;height:35px;border-radius:999px;display:inline-block;opacity:1;float:left;font-size:32px;box-shadow:none;display:inline-block;font-size:16px;padding:0 4px;vertical-align:middle;background-repeat:repeat;overflow:hidden;padding:0;cursor:pointer;box-sizing:content-box\"><svg style=\"display:block;border-radius:999px;\" focusable=\"false\" aria-hidden=\"true\" xmlns=\"http:\/\/www.w3.org\/2000\/svg\" width=\"100%\" height=\"100%\" viewBox=\"0 0 32 32\"><path d=\"M6.227 12.61h4.19v13.48h-4.19V12.61zm2.095-6.7a2.43 2.43 0 0 1 0 4.86c-1.344 0-2.428-1.09-2.428-2.43s1.084-2.43 2.428-2.43m4.72 6.7h4.02v1.84h.058c.56-1.058 1.927-2.176 3.965-2.176 4.238 0 5.02 2.792 5.02 6.42v7.395h-4.183v-6.56c0-1.564-.03-3.574-2.178-3.574-2.18 0-2.514 1.7-2.514 3.46v6.668h-4.187V12.61z\" fill=\"#fff\"><\/path><\/svg><\/span><\/a><a aria-label=\"Whatsapp\" class=\"heateor_sss_whatsapp\" href=\"https:\/\/api.whatsapp.com\/send?text=Talleres%20psicoeducativos%20y%20terap%C3%A9uticos%20https%3A%2F%2Ffamilies.eduvic.coop%2Fes%2Ftalleres-psicoeducativos-y-terapeuticos%2F\" title=\"Whatsapp\" rel=\"nofollow noopener\" target=\"_blank\" style=\"font-size:32px!important;box-shadow:none;display:inline-block;vertical-align:middle\"><span class=\"heateor_sss_svg\" style=\"background-color:#55eb4c;width:35px;height:35px;border-radius:999px;display:inline-block;opacity:1;float:left;font-size:32px;box-shadow:none;display:inline-block;font-size:16px;padding:0 4px;vertical-align:middle;background-repeat:repeat;overflow:hidden;padding:0;cursor:pointer;box-sizing:content-box\"><svg style=\"display:block;border-radius:999px;\" focusable=\"false\" aria-hidden=\"true\" xmlns=\"http:\/\/www.w3.org\/2000\/svg\" width=\"100%\" height=\"100%\" viewBox=\"-6 -5 40 40\"><path class=\"heateor_sss_svg_stroke heateor_sss_no_fill\" stroke=\"#fff\" stroke-width=\"2\" fill=\"none\" d=\"M 11.579798566743314 24.396926207859085 A 10 10 0 1 0 6.808479557110079 20.73576436351046\"><\/path><path d=\"M 7 19 l -1 6 l 6 -1\" class=\"heateor_sss_no_fill heateor_sss_svg_stroke\" stroke=\"#fff\" stroke-width=\"2\" fill=\"none\"><\/path><path d=\"M 10 10 q -1 8 8 11 c 5 -1 0 -6 -1 -3 q -4 -3 -5 -5 c 4 -2 -1 -5 -1 -4\" fill=\"#fff\"><\/path><\/svg><\/span><\/a><a aria-label=\"Instagram\" class=\"heateor_sss_button_instagram\" href=\"https:\/\/www.instagram.com\/\" title=\"Instagram\" rel=\"nofollow noopener\" target=\"_blank\" style=\"font-size:32px!important;box-shadow:none;display:inline-block;vertical-align:middle\"><span class=\"heateor_sss_svg\" style=\"background-color:#53beee;width:35px;height:35px;border-radius:999px;display:inline-block;opacity:1;float:left;font-size:32px;box-shadow:none;display:inline-block;font-size:16px;padding:0 4px;vertical-align:middle;background-repeat:repeat;overflow:hidden;padding:0;cursor:pointer;box-sizing:content-box\"><svg style=\"display:block;border-radius:999px;\" version=\"1.1\" viewBox=\"-10 -10 148 148\" width=\"100%\" height=\"100%\" xml:space=\"preserve\" xmlns=\"http:\/\/www.w3.org\/2000\/svg\" xmlns:xlink=\"http:\/\/www.w3.org\/1999\/xlink\"><g><g><path d=\"M86,112H42c-14.336,0-26-11.663-26-26V42c0-14.337,11.664-26,26-26h44c14.337,0,26,11.663,26,26v44 C112,100.337,100.337,112,86,112z M42,24c-9.925,0-18,8.074-18,18v44c0,9.925,8.075,18,18,18h44c9.926,0,18-8.075,18-18V42 c0-9.926-8.074-18-18-18H42z\" fill=\"#fff\"><\/path><\/g><g><path d=\"M64,88c-13.234,0-24-10.767-24-24c0-13.234,10.766-24,24-24s24,10.766,24,24C88,77.233,77.234,88,64,88z M64,48c-8.822,0-16,7.178-16,16s7.178,16,16,16c8.822,0,16-7.178,16-16S72.822,48,64,48z\" fill=\"#fff\"><\/path><\/g><g><circle cx=\"89.5\" cy=\"38.5\" fill=\"#fff\" r=\"5.5\"><\/circle><\/g><\/g><\/svg><\/span><\/a><\/div><div class=\"heateorSssClear\"><\/div><\/div><div class='heateorSssClear'><\/div><p>[vc_section full_width=\u00bbstretch_row\u00bb el_class=\u00bbseccio-header\u00bb css=\u00bb.vc_custom_1668072830249{background-image: url(https:\/\/families.eduvic.coop\/wp-content\/uploads\/2022\/05\/continguts_01-1.jpg?id=1958) !important;background-position: center !important;background-repeat: no-repeat !important;background-size: cover !important;}\u00bb el_id=\u00bbseccio-header\u00bb][vc_row full_width=\u00bbstretch_row\u00bb equal_height=\u00bbyes\u00bb el_class=\u00bbimg-gradient titols-projectes\u00bb][vc_column][vc_column_text] Talleres psicoeducativos y &#8230; <a title=\"Talleres psicoeducativos y terap\u00e9uticos\" class=\"read-more\" href=\"https:\/\/families.eduvic.coop\/es\/talleres-psicoeducativos-y-terapeuticos\/\" aria-label=\"Leer m\u00e1s sobre Talleres psicoeducativos y terap\u00e9uticos\"> <\/a><\/p>\n","protected":false},"author":2,"featured_media":0,"parent":0,"menu_order":0,"comment_status":"closed","ping_status":"closed","template":"","meta":{"footnotes":""},"class_list":["post-3274","page","type-page","status-publish"],"_links":{"self":[{"href":"https:\/\/families.eduvic.coop\/es\/wp-json\/wp\/v2\/pages\/3274","targetHints":{"allow":["GET"]}}],"collection":[{"href":"https:\/\/families.eduvic.coop\/es\/wp-json\/wp\/v2\/pages"}],"about":[{"href":"https:\/\/families.eduvic.coop\/es\/wp-json\/wp\/v2\/types\/page"}],"author":[{"embeddable":true,"href":"https:\/\/families.eduvic.coop\/es\/wp-json\/wp\/v2\/users\/2"}],"replies":[{"embeddable":true,"href":"https:\/\/families.eduvic.coop\/es\/wp-json\/wp\/v2\/comments?post=3274"}],"version-history":[{"count":2,"href":"https:\/\/families.eduvic.coop\/es\/wp-json\/wp\/v2\/pages\/3274\/revisions"}],"predecessor-version":[{"id":3276,"href":"https:\/\/families.eduvic.coop\/es\/wp-json\/wp\/v2\/pages\/3274\/revisions\/3276"}],"wp:attachment":[{"href":"https:\/\/families.eduvic.coop\/es\/wp-json\/wp\/v2\/media?parent=3274"}],"curies":[{"name":"wp","href":"https:\/\/api.w.org\/{rel}","templated":true}]}}