{"id":2998,"date":"2022-05-26T16:41:50","date_gmt":"2022-05-26T14:41:50","guid":{"rendered":"https:\/\/families.eduvic.coop\/suport-cc-garraf\/"},"modified":"2023-03-10T11:47:50","modified_gmt":"2023-03-10T09:47:50","slug":"suport-cc-garraf","status":"publish","type":"page","link":"https:\/\/families.eduvic.coop\/es\/suport-cc-garraf\/","title":{"rendered":"SUPORT \u2013 CC GARRAF"},"content":{"rendered":"<div class=\"wpb-content-wrapper\"><p>[vc_section full_width=\u00bbstretch_row\u00bb el_class=\u00bbseccio-header\u00bb css=\u00bb.vc_custom_1663320442207{background-image: url(https:\/\/families.eduvic.coop\/wp-content\/uploads\/2022\/09\/capcalera-objectius_01-6.jpg?id=1931) !important;background-position: center !important;background-repeat: no-repeat !important;background-size: cover !important;}\u00bb][vc_row full_width=\u00bbstretch_row\u00bb el_class=\u00bbimg-gradient titols-projectes\u00bb][vc_column][vc_column_text]<\/p>\n<h1>SUPORT \u2013 CC GARRAF<\/h1>\n<h4>Servicio de atenci\u00f3n psicol\u00f3gica a ni\u00f1os\/as y adolescentes que han sufrido situaciones de violencia<\/h4>\n<p>[\/vc_column_text][vc_column_text]<\/p>\n<h4><strong>Fecha de inicio del servicio:<\/strong> Noviembre de 2019<\/h4>\n<p>[\/vc_column_text][\/vc_column][\/vc_row][\/vc_section][vc_section el_class=\u00bbseccio-projectes seccio-info\u00bb][vc_row gap=\u00bb35&#8243;][vc_column width=\u00bb2\/3&#8243;][vc_empty_space el_class=\u00bbno-mobile\u00bb][vc_column_text]Impulsado por el Consejo Comarcal del Garraf<\/p>\n<p><strong>Servicio de acompa\u00f1amiento a ni\u00f1os\/as y adolescentes de la comarca del Garraf<\/strong><br \/>\n<strong>que presentan situaciones de riesgo y vulnerabilidad. Se lleva a cabo en Canyelles, Olivella y Cubelles.<\/strong><\/p>\n<p><strong>Se accede al servicio por derivaci\u00f3n de los\/las profesionales de los servicios sociales de Canyelles, Olivella y Cubelles.<\/strong>[\/vc_column_text][\/vc_column][vc_column width=\u00bb1\/3&#8243;]<div class=\"ult-content-box-container \" >\t\t<div class=\"ult-content-box\" style=\"box-shadow: px px px px none;-webkit-transition: all 700ms ease;-moz-transition: all 700ms ease;-ms-transition: all 700ms ease;-o-transition: all 700ms ease;transition: all 700ms ease;\"  data-hover_box_shadow=\"none\"    >[vc_single_image image=\u00bb971&#8243; img_size=\u00bbmedium\u00bb alignment=\u00bbcenter\u00bb el_class=\u00bbimg-logo\u00bb]\t\t<\/div><\/div>[\/vc_column][\/vc_row][\/vc_section][vc_section full_width=\u00bbstretch_row\u00bb css=\u00bb.vc_custom_1658844778549{background-color: #ededed !important;background-position: 0 0 !important;background-repeat: no-repeat !important;}\u00bb el_id=\u00bbprojectes-1&#8243;][vc_row equal_height=\u00bbyes\u00bb el_class=\u00bbpastilla-proyecto shadow-default\u00bb][vc_column][vc_column_text]<\/p>\n<h3>Definici\u00f3n<\/h3>\n<p>Servicio terap\u00e9utico dirigido a ni\u00f1os\/as y adolescentes que han sufrido situaciones<br \/>\nde violencia en el \u00e1mbito familiar. El trabajo se estructura en dos ejes principales: la intervenci\u00f3n relacional socioeducativa preventiva y de tratamiento, y la terapia integrativa individual para elaborar las experiencias de trauma que ha supuesto la violencia en el hogar.[\/vc_column_text][\/vc_column][\/vc_row][\/vc_section][vc_section full_width=\u00bbstretch_row\u00bb el_id=\u00bbprojectes-2&#8243; css=\u00bb.vc_custom_1658844757461{background-color: #ededed !important;}\u00bb][vc_row gap=\u00bb35&#8243; el_class=\u00bbpastilla-proyecto shadow-default\u00bb][vc_column width=\u00bb1\/3&#8243;][vc_single_image image=\u00bb1931&#8243; img_size=\u00bblarge\u00bb alignment=\u00bbcenter\u00bb][vc_toggle title=\u00bbObjetivos\u00bb el_class=\u00bbdesplegable\u00bb]<\/p>\n<ul>\n<li>Ayudar a los ni\u00f1os, ni\u00f1as y adolescentes a integrar las situaciones traum\u00e1ticas sufridas en su sistema de origen para que consigan establecer relaciones y v\u00ednculos seguros con su entorno familiar y social.<\/li>\n<li>Abordar el trauma y\/o las dificultades emocionales, cognitivas, conductuales y sist\u00e9micas con el objetivo de reducir los efectos negativos que tienen para el ni\u00f1o\/a o el\/la adolescente y, por tanto, tambi\u00e9n para las relaciones familiares, escolares, de iguales, etc.<\/li>\n<li>Intervenir desde un punto de vista psicoeducativo con el\/la adolescente o el ni\u00f1o\/a para que comprenda su funcionamiento interno, sus respuestas relacionales, sus miedos y angustias, etc., y supere los<br \/>\nsentimientos de culpa y de incapacidad que experimenta.<\/li>\n<li>Ense\u00f1ar a los ni\u00f1os y ni\u00f1as y a los adolescentes a reconocer los recursos que poseen para abordar sus dificultades.<\/li>\n<li>Trabajar con los ni\u00f1os y ni\u00f1as y adolescentes posibles fobias etc.<br \/>\nasociadas a la experiencia traum\u00e1tica: miedo a la oscuridad, fobia escolar, miedo al fracaso,<\/li>\n<li>Favorecer espacios de comunicaci\u00f3n y de expresi\u00f3n afectiva.<\/li>\n<li>Trabajar dificultades asociadas a experiencias traum\u00e1ticas: agresi\u00f3n,<br \/>\nautoagresiones, consumo de t\u00f3xicos, dependencia en el m\u00f3vil o en el ordenador, etc.<\/li>\n<\/ul>\n<p>[\/vc_toggle][\/vc_column][vc_column width=\u00bb1\/3&#8243;][vc_single_image image=\u00bb1932&#8243; img_size=\u00bblarge\u00bb alignment=\u00bbcenter\u00bb][vc_toggle title=\u00bbPrincipios\u00bb el_class=\u00bbdesplegable\u00bb]<\/p>\n<ul>\n<li>Flexibilidad para adaptar el servicio a las necesidades y demandas de los equipos de servicios sociales y de las personas atendidas.<\/li>\n<li>Trabajo en red entre los\/las profesionales implicados\/as para asegurar una intervenci\u00f3n coherente y coordinada durante el proceso terap\u00e9utico y socioeducativo.<\/li>\n<li>Proximidad territorial para facilitar en lo posible la accesibilidad de las personas usuarias al servicio.<\/li>\n<li>Proximidad relacional para favorecer un clima relacional que facilite los<br \/>\nprocesos de reflexi\u00f3n, comprensi\u00f3n y trabajo de las dificultades de las personas atendidas.<\/li>\n<li>Perspectiva de g\u00e9nero, desde la que se trabajan las relaciones de poder por razones de g\u00e9nero establecidas entre los y las miembros de la familia y sus implicaciones en el funcionamiento familiar.<\/li>\n<li>Implicaci\u00f3n y motivaci\u00f3n de las personas atendidas para que tomen conciencia de los recursos propios que pueden activar para afrontar y resolver las dificultades.<\/li>\n<li>Despliegue de procesos de evaluaci\u00f3n, tanto con ni\u00f1os\/as y adolescentes como con los servicios derivantes, para reajustar y mejorar el servicio.<\/li>\n<li>Gesti\u00f3n basada en la calidad y la responsabilidad social.<\/li>\n<\/ul>\n<p>[\/vc_toggle][\/vc_column][vc_column width=\u00bb1\/3&#8243;][vc_single_image image=\u00bb1933&#8243; img_size=\u00bblarge\u00bb alignment=\u00bbcenter\u00bb][vc_toggle title=\u00bbServicios\u00bb el_class=\u00bbdesplegable\u00bb]<\/p>\n<ul>\n<li><strong>De acompa\u00f1amiento individual\/familiar:<\/strong>\n<ul>\n<li>Apoyo terap\u00e9utico.<\/li>\n<\/ul>\n<\/li>\n<\/ul>\n<p>[\/vc_toggle][\/vc_column][\/vc_row][\/vc_section][vc_section full_width=\u00bbstretch_row\u00bb el_class=\u00bbxarxa-serveis\u00bb css=\u00bb.vc_custom_1663320377621{background-image: url(https:\/\/families.eduvic.coop\/wp-content\/uploads\/2022\/09\/151_transp.jpg?id=1866) !important;background-position: center !important;background-repeat: no-repeat !important;background-size: cover !important;}\u00bb][vc_row][vc_column][vc_column_text]<\/p>\n<h3 style=\"text-align: left;\">Red de servicios locales con la que se trabaja<\/h3>\n<ul>\n<li>Servicios sociales del Consejo Comarcal del Garraf<\/li>\n<li>Equipo de atenci\u00f3n a la Infancia y Adolescencia<\/li>\n<li>CSMIJ<\/li>\n<\/ul>\n<p>[\/vc_column_text][\/vc_column][\/vc_row][\/vc_section]<\/p>\n<\/div>","protected":false},"excerpt":{"rendered":"<div class='heateorSssClear'><\/div><div  class='heateor_sss_sharing_container heateor_sss_horizontal_sharing' data-heateor-sss-href='https:\/\/families.eduvic.coop\/es\/suport-cc-garraf\/'><div class='heateor_sss_sharing_title' style=\"font-weight:bold\" >Comparteix<\/div><div class=\"heateor_sss_sharing_ul\"><a aria-label=\"Facebook\" class=\"heateor_sss_facebook\" href=\"https:\/\/www.facebook.com\/sharer\/sharer.php?u=https%3A%2F%2Ffamilies.eduvic.coop%2Fes%2Fsuport-cc-garraf%2F\" title=\"Facebook\" rel=\"nofollow noopener\" target=\"_blank\" style=\"font-size:32px!important;box-shadow:none;display:inline-block;vertical-align:middle\"><span class=\"heateor_sss_svg\" style=\"background-color:#0765FE;width:35px;height:35px;border-radius:999px;display:inline-block;opacity:1;float:left;font-size:32px;box-shadow:none;display:inline-block;font-size:16px;padding:0 4px;vertical-align:middle;background-repeat:repeat;overflow:hidden;padding:0;cursor:pointer;box-sizing:content-box\"><svg style=\"display:block;border-radius:999px;\" focusable=\"false\" aria-hidden=\"true\" xmlns=\"http:\/\/www.w3.org\/2000\/svg\" width=\"100%\" height=\"100%\" viewBox=\"0 0 32 32\"><path fill=\"#fff\" d=\"M28 16c0-6.627-5.373-12-12-12S4 9.373 4 16c0 5.628 3.875 10.35 9.101 11.647v-7.98h-2.474V16H13.1v-1.58c0-4.085 1.849-5.978 5.859-5.978.76 0 2.072.15 2.608.298v3.325c-.283-.03-.775-.045-1.386-.045-1.967 0-2.728.745-2.728 2.683V16h3.92l-.673 3.667h-3.247v8.245C23.395 27.195 28 22.135 28 16Z\"><\/path><\/svg><\/span><\/a><a aria-label=\"Twitter\" class=\"heateor_sss_button_twitter\" href=\"https:\/\/twitter.com\/intent\/tweet?text=SUPORT%20%E2%80%93%20CC%20GARRAF&url=https%3A%2F%2Ffamilies.eduvic.coop%2Fes%2Fsuport-cc-garraf%2F\" title=\"Twitter\" rel=\"nofollow noopener\" target=\"_blank\" style=\"font-size:32px!important;box-shadow:none;display:inline-block;vertical-align:middle\"><span class=\"heateor_sss_svg heateor_sss_s__default heateor_sss_s_twitter\" style=\"background-color:#55acee;width:35px;height:35px;border-radius:999px;display:inline-block;opacity:1;float:left;font-size:32px;box-shadow:none;display:inline-block;font-size:16px;padding:0 4px;vertical-align:middle;background-repeat:repeat;overflow:hidden;padding:0;cursor:pointer;box-sizing:content-box\"><svg style=\"display:block;border-radius:999px;\" focusable=\"false\" aria-hidden=\"true\" xmlns=\"http:\/\/www.w3.org\/2000\/svg\" width=\"100%\" height=\"100%\" viewBox=\"-4 -4 39 39\"><path d=\"M28 8.557a9.913 9.913 0 0 1-2.828.775 4.93 4.93 0 0 0 2.166-2.725 9.738 9.738 0 0 1-3.13 1.194 4.92 4.92 0 0 0-3.593-1.55 4.924 4.924 0 0 0-4.794 6.049c-4.09-.21-7.72-2.17-10.15-5.15a4.942 4.942 0 0 0-.665 2.477c0 1.71.87 3.214 2.19 4.1a4.968 4.968 0 0 1-2.23-.616v.06c0 2.39 1.7 4.38 3.952 4.83-.414.115-.85.174-1.297.174-.318 0-.626-.03-.928-.086a4.935 4.935 0 0 0 4.6 3.42 9.893 9.893 0 0 1-6.114 2.107c-.398 0-.79-.023-1.175-.068a13.953 13.953 0 0 0 7.55 2.213c9.056 0 14.01-7.507 14.01-14.013 0-.213-.005-.426-.015-.637.96-.695 1.795-1.56 2.455-2.55z\" fill=\"#fff\"><\/path><\/svg><\/span><\/a><a aria-label=\"Linkedin\" class=\"heateor_sss_button_linkedin\" href=\"https:\/\/www.linkedin.com\/sharing\/share-offsite\/?url=https%3A%2F%2Ffamilies.eduvic.coop%2Fes%2Fsuport-cc-garraf%2F\" title=\"Linkedin\" rel=\"nofollow noopener\" target=\"_blank\" style=\"font-size:32px!important;box-shadow:none;display:inline-block;vertical-align:middle\"><span class=\"heateor_sss_svg heateor_sss_s__default heateor_sss_s_linkedin\" style=\"background-color:#0077b5;width:35px;height:35px;border-radius:999px;display:inline-block;opacity:1;float:left;font-size:32px;box-shadow:none;display:inline-block;font-size:16px;padding:0 4px;vertical-align:middle;background-repeat:repeat;overflow:hidden;padding:0;cursor:pointer;box-sizing:content-box\"><svg style=\"display:block;border-radius:999px;\" focusable=\"false\" aria-hidden=\"true\" xmlns=\"http:\/\/www.w3.org\/2000\/svg\" width=\"100%\" height=\"100%\" viewBox=\"0 0 32 32\"><path d=\"M6.227 12.61h4.19v13.48h-4.19V12.61zm2.095-6.7a2.43 2.43 0 0 1 0 4.86c-1.344 0-2.428-1.09-2.428-2.43s1.084-2.43 2.428-2.43m4.72 6.7h4.02v1.84h.058c.56-1.058 1.927-2.176 3.965-2.176 4.238 0 5.02 2.792 5.02 6.42v7.395h-4.183v-6.56c0-1.564-.03-3.574-2.178-3.574-2.18 0-2.514 1.7-2.514 3.46v6.668h-4.187V12.61z\" fill=\"#fff\"><\/path><\/svg><\/span><\/a><a aria-label=\"Whatsapp\" class=\"heateor_sss_whatsapp\" href=\"https:\/\/api.whatsapp.com\/send?text=SUPORT%20%E2%80%93%20CC%20GARRAF%20https%3A%2F%2Ffamilies.eduvic.coop%2Fes%2Fsuport-cc-garraf%2F\" title=\"Whatsapp\" rel=\"nofollow noopener\" target=\"_blank\" style=\"font-size:32px!important;box-shadow:none;display:inline-block;vertical-align:middle\"><span class=\"heateor_sss_svg\" style=\"background-color:#55eb4c;width:35px;height:35px;border-radius:999px;display:inline-block;opacity:1;float:left;font-size:32px;box-shadow:none;display:inline-block;font-size:16px;padding:0 4px;vertical-align:middle;background-repeat:repeat;overflow:hidden;padding:0;cursor:pointer;box-sizing:content-box\"><svg style=\"display:block;border-radius:999px;\" focusable=\"false\" aria-hidden=\"true\" xmlns=\"http:\/\/www.w3.org\/2000\/svg\" width=\"100%\" height=\"100%\" viewBox=\"-6 -5 40 40\"><path class=\"heateor_sss_svg_stroke heateor_sss_no_fill\" stroke=\"#fff\" stroke-width=\"2\" fill=\"none\" d=\"M 11.579798566743314 24.396926207859085 A 10 10 0 1 0 6.808479557110079 20.73576436351046\"><\/path><path d=\"M 7 19 l -1 6 l 6 -1\" class=\"heateor_sss_no_fill heateor_sss_svg_stroke\" stroke=\"#fff\" stroke-width=\"2\" fill=\"none\"><\/path><path d=\"M 10 10 q -1 8 8 11 c 5 -1 0 -6 -1 -3 q -4 -3 -5 -5 c 4 -2 -1 -5 -1 -4\" fill=\"#fff\"><\/path><\/svg><\/span><\/a><a aria-label=\"Instagram\" class=\"heateor_sss_button_instagram\" href=\"https:\/\/www.instagram.com\/\" title=\"Instagram\" rel=\"nofollow noopener\" target=\"_blank\" style=\"font-size:32px!important;box-shadow:none;display:inline-block;vertical-align:middle\"><span class=\"heateor_sss_svg\" style=\"background-color:#53beee;width:35px;height:35px;border-radius:999px;display:inline-block;opacity:1;float:left;font-size:32px;box-shadow:none;display:inline-block;font-size:16px;padding:0 4px;vertical-align:middle;background-repeat:repeat;overflow:hidden;padding:0;cursor:pointer;box-sizing:content-box\"><svg style=\"display:block;border-radius:999px;\" version=\"1.1\" viewBox=\"-10 -10 148 148\" width=\"100%\" height=\"100%\" xml:space=\"preserve\" xmlns=\"http:\/\/www.w3.org\/2000\/svg\" xmlns:xlink=\"http:\/\/www.w3.org\/1999\/xlink\"><g><g><path d=\"M86,112H42c-14.336,0-26-11.663-26-26V42c0-14.337,11.664-26,26-26h44c14.337,0,26,11.663,26,26v44 C112,100.337,100.337,112,86,112z M42,24c-9.925,0-18,8.074-18,18v44c0,9.925,8.075,18,18,18h44c9.926,0,18-8.075,18-18V42 c0-9.926-8.074-18-18-18H42z\" fill=\"#fff\"><\/path><\/g><g><path d=\"M64,88c-13.234,0-24-10.767-24-24c0-13.234,10.766-24,24-24s24,10.766,24,24C88,77.233,77.234,88,64,88z M64,48c-8.822,0-16,7.178-16,16s7.178,16,16,16c8.822,0,16-7.178,16-16S72.822,48,64,48z\" fill=\"#fff\"><\/path><\/g><g><circle cx=\"89.5\" cy=\"38.5\" fill=\"#fff\" r=\"5.5\"><\/circle><\/g><\/g><\/svg><\/span><\/a><\/div><div class=\"heateorSssClear\"><\/div><\/div><div class='heateorSssClear'><\/div><p>[vc_section full_width=\u00bbstretch_row\u00bb el_class=\u00bbseccio-header\u00bb css=\u00bb.vc_custom_1663320442207{background-image: url(https:\/\/families.eduvic.coop\/wp-content\/uploads\/2022\/09\/capcalera-objectius_01-6.jpg?id=1931) !important;background-position: center !important;background-repeat: no-repeat !important;background-size: cover !important;}\u00bb][vc_row full_width=\u00bbstretch_row\u00bb el_class=\u00bbimg-gradient titols-projectes\u00bb][vc_column][vc_column_text] SUPORT \u2013 CC GARRAF Servicio &#8230; <a title=\"SUPORT \u2013 CC GARRAF\" class=\"read-more\" href=\"https:\/\/families.eduvic.coop\/es\/suport-cc-garraf\/\" aria-label=\"Leer m\u00e1s sobre SUPORT \u2013 CC GARRAF\"> <\/a><\/p>\n","protected":false},"author":2,"featured_media":0,"parent":0,"menu_order":0,"comment_status":"closed","ping_status":"closed","template":"","meta":{"footnotes":""},"class_list":["post-2998","page","type-page","status-publish"],"_links":{"self":[{"href":"https:\/\/families.eduvic.coop\/es\/wp-json\/wp\/v2\/pages\/2998","targetHints":{"allow":["GET"]}}],"collection":[{"href":"https:\/\/families.eduvic.coop\/es\/wp-json\/wp\/v2\/pages"}],"about":[{"href":"https:\/\/families.eduvic.coop\/es\/wp-json\/wp\/v2\/types\/page"}],"author":[{"embeddable":true,"href":"https:\/\/families.eduvic.coop\/es\/wp-json\/wp\/v2\/users\/2"}],"replies":[{"embeddable":true,"href":"https:\/\/families.eduvic.coop\/es\/wp-json\/wp\/v2\/comments?post=2998"}],"version-history":[{"count":5,"href":"https:\/\/families.eduvic.coop\/es\/wp-json\/wp\/v2\/pages\/2998\/revisions"}],"predecessor-version":[{"id":3003,"href":"https:\/\/families.eduvic.coop\/es\/wp-json\/wp\/v2\/pages\/2998\/revisions\/3003"}],"wp:attachment":[{"href":"https:\/\/families.eduvic.coop\/es\/wp-json\/wp\/v2\/media?parent=2998"}],"curies":[{"name":"wp","href":"https:\/\/api.w.org\/{rel}","templated":true}]}}